{"id":30,"date":"2023-01-05T11:52:34","date_gmt":"2023-01-05T10:52:34","guid":{"rendered":"https:\/\/le-mot-a-dire.fr\/?page_id=30"},"modified":"2023-04-12T09:04:32","modified_gmt":"2023-04-12T07:04:32","slug":"mentions-legales","status":"publish","type":"page","link":"https:\/\/le-mot-a-dire.fr\/index.php\/mentions-legales\/","title":{"rendered":"Mentions L\u00e9gales"},"content":{"rendered":"\n<h2 class=\"wp-block-heading\">Mentions l\u00e9gales<\/h2>\n\n\n\n<p>Toute personne physique acc\u00e9dant au site internet \u00e0 l\u2019adresse URL suivante : <a href=\"https:\/\/le-mot-a-dire.fr\/\">https:\/\/le-mot-a-dire.fr\/<\/a> d\u00e9clare avoir pris au pr\u00e9alable connaissance des termes et conditions ci-dessous et les avoir accept\u00e9s int\u00e9gralement et sans r\u00e9serve.<\/p>\n\n\n\n<p>Le Mot \u00e0 Dire dont le si\u00e8ge social est domicili\u00e9 au 29 bis rue Carri\u00e8re, 31 700 BLAGNAC <\/p>\n\n\n\n<p>SIRET : <\/p>\n\n\n\n<p>est repr\u00e9sent\u00e9 par Manuelle Couchoud-Mora<\/p>\n\n\n\n<p>Organisme de formation enregistr\u00e9 sous le Num\u00e9ro de D\u00e9claration d&rsquo;Activit\u00e9 76310848631<\/p>\n\n\n\n<p>Coordonn\u00e9es: Le Mot \u00e0 Dire, 29 bis rue Carri\u00e8re, 31700 BLAGNAC <\/p>\n\n\n\n<p>Email:&nbsp;<a>manuelle.couchoud@gmail.com<\/a><\/p>\n\n\n\n<p>Site internet:&nbsp;<a href=\"https:\/\/le-mot-a-dire.fr\/\"><\/a><a href=\"https:\/\/le-mot-a-dire.fr\/\">https:\/\/le-mot-a-dire.fr\/<\/a> <\/p>\n\n\n\n<p><a href=\"https:\/\/www.legifrance.gouv.fr\/affichTexte.do?cidTexte=JORFTEXT000000788285\">Mentions l\u00e9gales en vertu de la loi n\u00b02004-575 du 21 juin 2004 pour la confiance dans l\u2019\u00e9conomie num\u00e9rique.<\/a><\/p>\n\n\n\n<p>Les informations recueillies font l\u2019objet d\u2019un traitement informatique. Conform\u00e9ment \u00e0 la loi \u00ab informatique et libert\u00e9s \u00bb du 6 janvier 1978 modifi\u00e9e en 2004, vous b\u00e9n\u00e9ficiez d\u2019un droit d\u2019acc\u00e8s et de rectification aux informations qui vous concernent, que vous pouvez exercer en vous adressant directement au si\u00e8ge. Vous pouvez \u00e9galement, pour des motifs l\u00e9gitimes, vous opposer au traitement des donn\u00e9es vous concernant.<\/p>\n\n\n\n<p>Conform\u00e9ment&nbsp;<a href=\"https:\/\/eur04.safelinks.protection.outlook.com\/?url=https%3A%2F%2Fwww.cnil.fr%2Ffr%2Freglement-europeen-protection-donnees%2Fchapitre3%23Article13&amp;data=02%7C01%7C%7Cd7a2e5f17b244fee735c08d5bb07f220%7C84df9e7fe9f640afb435aaaaaaaaaaaa%7C1%7C0%7C636620565168727998&amp;sdata=kkO0qolsbJ%2BXI%2BxMRUNXhq0h2xC1V87xUsVRqxmJ1oM%3D&amp;reserved=0\">aux articles 13 et 14<\/a>&nbsp;du r\u00e8glement (UE) g\u00e9n\u00e9ral sur la protection des donn\u00e9es 2016\/679 du Parlement europ\u00e9en et du Conseil du 27 avril 2016 et l\u2019article 32 de la loi \u00ab informatique et libert\u00e9s \u00bb du 6 janvier 1978 modifi\u00e9e en 2004, le directeur de publication de ce site vous informe que :<\/p>\n\n\n\n<ul class=\"wp-block-list\">\n<li>Le Mot \u00e0 Dire est responsable du fichier dont les coordonn\u00e9es sont pr\u00e9cis\u00e9es ci-dessus.<\/li>\n\n\n\n<li>La finalit\u00e9 du traitement de ces donn\u00e9es est la prise de rendez-vous et\/ou l\u2019\u00e9tablissement d\u2019un devis.<\/li>\n\n\n\n<li>Ces donn\u00e9es seront conserv\u00e9es pour une demande de devis le temps d\u2019\u00e9tablissement de ce devis si aucune suite n\u2019est donn\u00e9e soit 15 jours maximum.<\/li>\n\n\n\n<li>Pour la prise de rendez-vous, les donn\u00e9es seront conserv\u00e9es 5 ans \u00e0 compter de la date de consultation (ceci si un rendez-vous est fix\u00e9 et si une consultation est d\u00e9livr\u00e9e). Dans l\u2019hypoth\u00e8se o\u00f9 la personne concern\u00e9e n\u2019honore pas son rendez-vous, les donn\u00e9es seront effac\u00e9es le jour suivant du rendez-vous non honor\u00e9.<\/li>\n\n\n\n<li>Vous b\u00e9n\u00e9ficiez d\u2019un droit d\u2019acc\u00e8s, de rectification ou d\u2019effacement de vos donn\u00e9es personnelles que vous pouvez demander au Mot \u00e0 Dire.<\/li>\n\n\n\n<li>Vous b\u00e9n\u00e9ficiez du droit de demander une limitation du traitement de vos donn\u00e9es personnelles.<\/li>\n\n\n\n<li>Vous b\u00e9n\u00e9ficiez du droit de vous opposer au traitement de vos donn\u00e9es personnelles et du droit \u00e0 la portabilit\u00e9 de vos donn\u00e9es.<\/li>\n\n\n\n<li>Vous pouvez retirer votre consentement au traitement de vos donn\u00e9es personnelles et ceci \u00e0 tout moment par courriel ou lettre postale \u00e0 l\u2019attention du Mot \u00e0 Dire.<\/li>\n\n\n\n<li>Vous pouvez introduire une r\u00e9clamation aupr\u00e8s de la CNIL (site de la CNIL:&nbsp;<a href=\"https:\/\/eur04.safelinks.protection.outlook.com\/?url=http%3A%2F%2Fwww.cnil.fr&amp;data=02%7C01%7C%7Cd7a2e5f17b244fee735c08d5bb07f220%7C84df9e7fe9f640afb435aaaaaaaaaaaa%7C1%7C0%7C636620565168884253&amp;sdata=yOu8Z9o%2BjA1ZFsMTb9%2Fr6jCHg5YwhkN43HNJas%2BePY8%3D&amp;reserved=0\">www.cnil.fr<\/a>)&nbsp;si vous estimez que la protection de vos donn\u00e9es personnelles n\u2019a pas \u00e9t\u00e9 assur\u00e9e dans le cadre du traitement de votre dossier.<\/li>\n<\/ul>\n\n\n\n<p>Le site peut envoyer des cookies relatifs \u00e0 la navigation sur le site effectu\u00e9e \u00e0 partir de l\u2019ordinateur utilis\u00e9 par l\u2019Internaute, sans que ce dernier ne puisse \u00eatre identifi\u00e9. L\u2019Internaute, qui reconna\u00eet \u00eatre parfaitement inform\u00e9 de cette pratique, peut refuser l\u2019enregistrement de cookies en modifiant les param\u00e8tres ou options de son logiciel de navigation.<\/p>\n\n\n\n<p>Les dessins sont r\u00e9alis\u00e9s par Manuelle Couchoud-Mora et demeurent sa propri\u00e9t\u00e9 intellectuelle.&nbsp;<\/p>\n\n\n\n<p>Les dessins, photos et logo ne pourront \u00eatre partag\u00e9s qu\u2019avec l\u2019accord \u00e9crit de la soci\u00e9t\u00e9.<\/p>\n\n\n\n<p>Site internet r\u00e9alis\u00e9 avec l\u2019application WORDPRESS, par Axelle Picard, graphiste, SIRET:&nbsp;<em>49875455500031&nbsp;<\/em><a href=\"https:\/\/graphisme-toulouse.fr\/\">https:\/\/graphisme-toulouse.fr\/<\/a><\/p>\n\n\n\n<p>H\u00e9bergeur: OVH SAS :&nbsp;2 rue Kellermann \u2013 BP 80157 59053 ROUBAIX CEDEX 1 \u2013<a href=\"https:\/\/www.ovhcloud.com\/fr\/\">https:\/\/www.ovhcloud.com\/fr\/<\/a><\/p>\n","protected":false},"excerpt":{"rendered":"<p>Mentions l\u00e9gales Toute personne physique acc\u00e9dant au site internet \u00e0 l\u2019adresse URL suivante : https:\/\/le-mot-a-dire.fr\/ d\u00e9clare avoir pris au pr\u00e9alable connaissance des termes et conditions ci-dessous et les avoir accept\u00e9s int\u00e9gralement et sans r\u00e9serve. Le Mot \u00e0 Dire dont le\u2026<\/p>\n","protected":false},"author":1,"featured_media":0,"parent":0,"menu_order":0,"comment_status":"closed","ping_status":"closed","template":"","meta":{"footnotes":""},"class_list":["post-30","page","type-page","status-publish","hentry"],"yoast_head":"<!-- This site is optimized with the Yoast SEO plugin v20.3 - https:\/\/yoast.com\/wordpress\/plugins\/seo\/ -->\n<title>Mentions L\u00e9gales - Le Mot \u00e0 Dire Communication Accessible<\/title>\n<meta name=\"robots\" content=\"index, follow, max-snippet:-1, max-image-preview:large, max-video-preview:-1\" \/>\n<link rel=\"canonical\" href=\"https:\/\/le-mot-a-dire.fr\/index.php\/mentions-legales\/\" \/>\n<meta property=\"og:locale\" content=\"fr_FR\" \/>\n<meta property=\"og:type\" content=\"article\" \/>\n<meta property=\"og:title\" content=\"Mentions L\u00e9gales - Le Mot \u00e0 Dire Communication Accessible\" \/>\n<meta property=\"og:description\" content=\"Mentions l\u00e9gales Toute personne physique acc\u00e9dant au site internet \u00e0 l\u2019adresse URL suivante : https:\/\/le-mot-a-dire.fr\/ d\u00e9clare avoir pris au pr\u00e9alable connaissance des termes et conditions ci-dessous et les avoir accept\u00e9s int\u00e9gralement et sans r\u00e9serve. Le Mot \u00e0 Dire dont le\u2026\" \/>\n<meta property=\"og:url\" content=\"https:\/\/le-mot-a-dire.fr\/index.php\/mentions-legales\/\" \/>\n<meta property=\"og:site_name\" content=\"Le Mot \u00e0 Dire Communication Accessible\" \/>\n<meta property=\"article:modified_time\" content=\"2023-04-12T07:04:32+00:00\" \/>\n<meta name=\"twitter:card\" content=\"summary_large_image\" \/>\n<meta name=\"twitter:label1\" content=\"Dur\u00e9e de lecture estim\u00e9e\" \/>\n\t<meta name=\"twitter:data1\" content=\"3 minutes\" \/>\n<script type=\"application\/ld+json\" class=\"yoast-schema-graph\">{\"@context\":\"https:\/\/schema.org\",\"@graph\":[{\"@type\":\"WebPage\",\"@id\":\"https:\/\/le-mot-a-dire.fr\/index.php\/mentions-legales\/\",\"url\":\"https:\/\/le-mot-a-dire.fr\/index.php\/mentions-legales\/\",\"name\":\"Mentions L\u00e9gales - Le Mot \u00e0 Dire Communication Accessible\",\"isPartOf\":{\"@id\":\"https:\/\/le-mot-a-dire.fr\/#website\"},\"datePublished\":\"2023-01-05T10:52:34+00:00\",\"dateModified\":\"2023-04-12T07:04:32+00:00\",\"breadcrumb\":{\"@id\":\"https:\/\/le-mot-a-dire.fr\/index.php\/mentions-legales\/#breadcrumb\"},\"inLanguage\":\"fr-FR\",\"potentialAction\":[{\"@type\":\"ReadAction\",\"target\":[\"https:\/\/le-mot-a-dire.fr\/index.php\/mentions-legales\/\"]}]},{\"@type\":\"BreadcrumbList\",\"@id\":\"https:\/\/le-mot-a-dire.fr\/index.php\/mentions-legales\/#breadcrumb\",\"itemListElement\":[{\"@type\":\"ListItem\",\"position\":1,\"name\":\"Accueil\",\"item\":\"https:\/\/le-mot-a-dire.fr\/\"},{\"@type\":\"ListItem\",\"position\":2,\"name\":\"Mentions L\u00e9gales\"}]},{\"@type\":\"WebSite\",\"@id\":\"https:\/\/le-mot-a-dire.fr\/#website\",\"url\":\"https:\/\/le-mot-a-dire.fr\/\",\"name\":\"Le Mot \u00e0 Dire Communication Accessible FALC\",\"description\":\"Manuelle Couchoud Mora FALC Toulouse\",\"publisher\":{\"@id\":\"https:\/\/le-mot-a-dire.fr\/#\/schema\/person\/b8b66edb3e675eef84a148c04ed43658\"},\"potentialAction\":[{\"@type\":\"SearchAction\",\"target\":{\"@type\":\"EntryPoint\",\"urlTemplate\":\"https:\/\/le-mot-a-dire.fr\/?s={search_term_string}\"},\"query-input\":\"required name=search_term_string\"}],\"inLanguage\":\"fr-FR\"},{\"@type\":[\"Person\",\"Organization\"],\"@id\":\"https:\/\/le-mot-a-dire.fr\/#\/schema\/person\/b8b66edb3e675eef84a148c04ed43658\",\"name\":\"Manuelle Couchoud-Mora\",\"image\":{\"@type\":\"ImageObject\",\"inLanguage\":\"fr-FR\",\"@id\":\"https:\/\/le-mot-a-dire.fr\/#\/schema\/person\/image\/\",\"url\":\"https:\/\/le-mot-a-dire.fr\/wp-content\/uploads\/2023\/01\/cropped-Lmad-logo-WEB.png\",\"contentUrl\":\"https:\/\/le-mot-a-dire.fr\/wp-content\/uploads\/2023\/01\/cropped-Lmad-logo-WEB.png\",\"width\":626,\"height\":328,\"caption\":\"Manuelle Couchoud-Mora\"},\"logo\":{\"@id\":\"https:\/\/le-mot-a-dire.fr\/#\/schema\/person\/image\/\"},\"sameAs\":[\"http:\/\/le-mot-a-dire.fr\",\"https:\/\/www.linkedin.com\/in\/manuelle-couchoud-formation-accessibilite-inclusion\/?originalSubdomain=fr\"]}]}<\/script>\n<!-- \/ Yoast SEO plugin. -->","yoast_head_json":{"title":"Mentions L\u00e9gales - Le Mot \u00e0 Dire Communication Accessible","robots":{"index":"index","follow":"follow","max-snippet":"max-snippet:-1","max-image-preview":"max-image-preview:large","max-video-preview":"max-video-preview:-1"},"canonical":"https:\/\/le-mot-a-dire.fr\/index.php\/mentions-legales\/","og_locale":"fr_FR","og_type":"article","og_title":"Mentions L\u00e9gales - Le Mot \u00e0 Dire Communication Accessible","og_description":"Mentions l\u00e9gales Toute personne physique acc\u00e9dant au site internet \u00e0 l\u2019adresse URL suivante : https:\/\/le-mot-a-dire.fr\/ d\u00e9clare avoir pris au pr\u00e9alable connaissance des termes et conditions ci-dessous et les avoir accept\u00e9s int\u00e9gralement et sans r\u00e9serve. Le Mot \u00e0 Dire dont le\u2026","og_url":"https:\/\/le-mot-a-dire.fr\/index.php\/mentions-legales\/","og_site_name":"Le Mot \u00e0 Dire Communication Accessible","article_modified_time":"2023-04-12T07:04:32+00:00","twitter_card":"summary_large_image","twitter_misc":{"Dur\u00e9e de lecture estim\u00e9e":"3 minutes"},"schema":{"@context":"https:\/\/schema.org","@graph":[{"@type":"WebPage","@id":"https:\/\/le-mot-a-dire.fr\/index.php\/mentions-legales\/","url":"https:\/\/le-mot-a-dire.fr\/index.php\/mentions-legales\/","name":"Mentions L\u00e9gales - Le Mot \u00e0 Dire Communication Accessible","isPartOf":{"@id":"https:\/\/le-mot-a-dire.fr\/#website"},"datePublished":"2023-01-05T10:52:34+00:00","dateModified":"2023-04-12T07:04:32+00:00","breadcrumb":{"@id":"https:\/\/le-mot-a-dire.fr\/index.php\/mentions-legales\/#breadcrumb"},"inLanguage":"fr-FR","potentialAction":[{"@type":"ReadAction","target":["https:\/\/le-mot-a-dire.fr\/index.php\/mentions-legales\/"]}]},{"@type":"BreadcrumbList","@id":"https:\/\/le-mot-a-dire.fr\/index.php\/mentions-legales\/#breadcrumb","itemListElement":[{"@type":"ListItem","position":1,"name":"Accueil","item":"https:\/\/le-mot-a-dire.fr\/"},{"@type":"ListItem","position":2,"name":"Mentions L\u00e9gales"}]},{"@type":"WebSite","@id":"https:\/\/le-mot-a-dire.fr\/#website","url":"https:\/\/le-mot-a-dire.fr\/","name":"Le Mot \u00e0 Dire Communication Accessible FALC","description":"Manuelle Couchoud Mora FALC Toulouse","publisher":{"@id":"https:\/\/le-mot-a-dire.fr\/#\/schema\/person\/b8b66edb3e675eef84a148c04ed43658"},"potentialAction":[{"@type":"SearchAction","target":{"@type":"EntryPoint","urlTemplate":"https:\/\/le-mot-a-dire.fr\/?s={search_term_string}"},"query-input":"required name=search_term_string"}],"inLanguage":"fr-FR"},{"@type":["Person","Organization"],"@id":"https:\/\/le-mot-a-dire.fr\/#\/schema\/person\/b8b66edb3e675eef84a148c04ed43658","name":"Manuelle Couchoud-Mora","image":{"@type":"ImageObject","inLanguage":"fr-FR","@id":"https:\/\/le-mot-a-dire.fr\/#\/schema\/person\/image\/","url":"https:\/\/le-mot-a-dire.fr\/wp-content\/uploads\/2023\/01\/cropped-Lmad-logo-WEB.png","contentUrl":"https:\/\/le-mot-a-dire.fr\/wp-content\/uploads\/2023\/01\/cropped-Lmad-logo-WEB.png","width":626,"height":328,"caption":"Manuelle Couchoud-Mora"},"logo":{"@id":"https:\/\/le-mot-a-dire.fr\/#\/schema\/person\/image\/"},"sameAs":["http:\/\/le-mot-a-dire.fr","https:\/\/www.linkedin.com\/in\/manuelle-couchoud-formation-accessibilite-inclusion\/?originalSubdomain=fr"]}]}},"_links":{"self":[{"href":"https:\/\/le-mot-a-dire.fr\/index.php\/wp-json\/wp\/v2\/pages\/30","targetHints":{"allow":["GET"]}}],"collection":[{"href":"https:\/\/le-mot-a-dire.fr\/index.php\/wp-json\/wp\/v2\/pages"}],"about":[{"href":"https:\/\/le-mot-a-dire.fr\/index.php\/wp-json\/wp\/v2\/types\/page"}],"author":[{"embeddable":true,"href":"https:\/\/le-mot-a-dire.fr\/index.php\/wp-json\/wp\/v2\/users\/1"}],"replies":[{"embeddable":true,"href":"https:\/\/le-mot-a-dire.fr\/index.php\/wp-json\/wp\/v2\/comments?post=30"}],"version-history":[{"count":5,"href":"https:\/\/le-mot-a-dire.fr\/index.php\/wp-json\/wp\/v2\/pages\/30\/revisions"}],"predecessor-version":[{"id":3061,"href":"https:\/\/le-mot-a-dire.fr\/index.php\/wp-json\/wp\/v2\/pages\/30\/revisions\/3061"}],"wp:attachment":[{"href":"https:\/\/le-mot-a-dire.fr\/index.php\/wp-json\/wp\/v2\/media?parent=30"}],"curies":[{"name":"wp","href":"https:\/\/api.w.org\/{rel}","templated":true}]}}